{"id":1029,"date":"2023-11-15T14:09:17","date_gmt":"2023-11-15T14:09:17","guid":{"rendered":"https:\/\/www.union-industrielle.fr\/?page_id=1029"},"modified":"2024-01-03T16:18:40","modified_gmt":"2024-01-03T16:18:40","slug":"join-us","status":"publish","type":"page","link":"https:\/\/www.union-industrielle.fr\/en\/join-us\/","title":{"rendered":"Join us"},"content":{"rendered":"\n<blockquote class=\"wp-block-quote is-layout-flow wp-block-quote-is-layout-flow\">\n<p>Joining Union Industrielle means choosing a fast-growing company that is a market leader and offers genuine career development opportunities.<\/p>\n<\/blockquote>\n\n\n\n<div style=\"height:50px\" aria-hidden=\"true\" class=\"wp-block-spacer\"><\/div>\n\n\n<div class=\"posts\"><a href=\"#contact-form\" class=\"post\">\n    <div class=\"post__thumbnail\">\n        <img loading=\"lazy\" decoding=\"async\" width=\"600\" height=\"340\" src=\"https:\/\/www.union-industrielle.fr\/custom\/uploads\/2023\/12\/Graphiques-600x340.jpeg\" class=\"attachment-post-card size-post-card wp-post-image\" alt=\"\" \/>    <\/div>\n    <div class=\"post__container\">\n        <p class=\"post__title\">Gestionnaire de comptes &#8220;Professionnel&#8221; et &#8220;Entreprise&#8221; avec une sp\u00e9cialisation sur les Flottes Automobiles (H\/F)<\/p>\n        <p class=\"post__date\">16\/03\/2026<\/p>\n        <div>\n            <ul>\r\n \t<li>Gestion compl\u00e8te : \u00e9tude, placement, suivi, n\u00e9gociation, renouvellement pour les contrats Flotte Automobile ainsi que pour les contrats multibranches du portefeuille affect\u00e9,<\/li>\r\n \t<li>Interlocuteur unique des assur\u00e9s des comptes professionnels multibranches,<\/li>\r\n \t<li>Bin\u00f4mage avec le Charg\u00e9 de Comptes pour les Flottes Automobiles des comptes &#8220;Entreprise&#8221;,<\/li>\r\n \t<li>Ma\u00eetrise des interfaces compagnies et id\u00e9alement de l&#8217;outil m\u00e9tier AD HOC,<\/li>\r\n \t<li>Travail en \u00e9quipe et en interservices : respect de proc\u00e9dures, esprit collaboratif,<\/li>\r\n \t<li>Poste en CDI, bas\u00e9 \u00e0 Lyon,<\/li>\r\n \t<li>Possibilit\u00e9 de t\u00e9l\u00e9travail apr\u00e8s la p\u00e9riode d&#8217;essai.<\/li>\r\n<\/ul>        <\/div>\n        <p class=\"post__cta\">Postuler<\/p>\n    <\/div>\n<\/a><\/div>\n\n\n\n<div style=\"height:50px\" aria-hidden=\"true\" class=\"wp-block-spacer\"><\/div>\n\n\n\n<div class=\"wp-block-columns is-layout-flex wp-container-core-columns-is-layout-9d6595d7 wp-block-columns-is-layout-flex\">\n<div class=\"wp-block-column is-layout-flow wp-block-column-is-layout-flow\" style=\"flex-basis:20%\"><\/div>\n\n\n\n<div class=\"wp-block-column is-layout-flow wp-block-column-is-layout-flow\" style=\"flex-basis:60%\">\n<h2 class=\"wp-block-heading ancre\" id=\"contact-form\">Join our team<\/h2>\n\n\n\n<div class=\"wp-block-group has-white-color has-primary-800-background-color has-text-color has-background has-link-color wp-elements-14421db97b49d960bfa4177cc3b2912b\"><div class=\"wp-block-group__inner-container is-layout-constrained wp-block-group-is-layout-constrained\">\n<div class=\"wp-block-contact-form-7-contact-form-selector\">\n<div class=\"wpcf7 no-js\" id=\"wpcf7-f1142-o1\" lang=\"en-US\" dir=\"ltr\" data-wpcf7-id=\"1142\">\n<div class=\"screen-reader-response\"><p role=\"status\" aria-live=\"polite\" aria-atomic=\"true\"><\/p> <ul><\/ul><\/div>\n<form action=\"\/en\/wp-json\/wp\/v2\/pages\/1029#wpcf7-f1142-o1\" method=\"post\" class=\"wpcf7-form init\" aria-label=\"Contact form\" enctype=\"multipart\/form-data\" novalidate=\"novalidate\" data-status=\"init\">\n<fieldset class=\"hidden-fields-container\"><input type=\"hidden\" name=\"_wpcf7\" value=\"1142\" \/><input type=\"hidden\" name=\"_wpcf7_version\" value=\"6.1.5\" \/><input type=\"hidden\" name=\"_wpcf7_locale\" value=\"en_US\" \/><input type=\"hidden\" name=\"_wpcf7_unit_tag\" value=\"wpcf7-f1142-o1\" \/><input type=\"hidden\" name=\"_wpcf7_container_post\" value=\"0\" \/><input type=\"hidden\" name=\"_wpcf7_posted_data_hash\" value=\"\" \/><input type=\"hidden\" name=\"_wpcf7_recaptcha_response\" value=\"\" \/>\n<\/fieldset>\n<p><label for=\"first-name\">First Name *<\/label><br \/>\n<span class=\"wpcf7-form-control-wrap\" data-name=\"first-name\"><input size=\"40\" maxlength=\"400\" class=\"wpcf7-form-control wpcf7-text wpcf7-validates-as-required\" id=\"first-name\" aria-required=\"true\" aria-invalid=\"false\" value=\"\" type=\"text\" name=\"first-name\" \/><\/span>\n<\/p>\n<p><label for=\"last-name\">Last Name *<\/label><br \/>\n<span class=\"wpcf7-form-control-wrap\" data-name=\"last-name\"><input size=\"40\" maxlength=\"400\" class=\"wpcf7-form-control wpcf7-text wpcf7-validates-as-required\" id=\"last-name\" aria-required=\"true\" aria-invalid=\"false\" value=\"\" type=\"text\" name=\"last-name\" \/><\/span>\n<\/p>\n<p><label for=\"phone-number\">Phone Number *<\/label><br \/>\n<span class=\"wpcf7-form-control-wrap\" data-name=\"phone-number\"><input size=\"40\" maxlength=\"400\" class=\"wpcf7-form-control wpcf7-tel wpcf7-validates-as-required wpcf7-text wpcf7-validates-as-tel\" id=\"phone-number\" aria-required=\"true\" aria-invalid=\"false\" value=\"\" type=\"tel\" name=\"phone-number\" \/><\/span>\n<\/p>\n<p><label> E-mail *<br \/>\n<span class=\"wpcf7-form-control-wrap\" data-name=\"your-email\"><input size=\"40\" maxlength=\"400\" class=\"wpcf7-form-control wpcf7-email wpcf7-validates-as-required wpcf7-text wpcf7-validates-as-email\" autocomplete=\"email\" aria-required=\"true\" aria-invalid=\"false\" value=\"\" type=\"email\" name=\"your-email\" \/><\/span> <\/label>\n<\/p>\n<p><label for=\"job-position\">Which position are you applying for? *<\/label><br \/>\n<span class=\"wpcf7-form-control-wrap\" data-name=\"job-position\"><select class=\"wpcf7-form-control wpcf7-select wpcf7-validates-as-required\" id=\"job-position\" aria-required=\"true\" aria-invalid=\"false\" name=\"job-position\"><option value=\"\">&#8212;Please choose an option&#8212;<\/option><\/select><\/span>\n<\/p>\n<p><label for=\"availability-date\">Availability Date *<\/label><br \/>\n<span class=\"wpcf7-form-control-wrap\" data-name=\"availability-date\"><input class=\"wpcf7-form-control wpcf7-date wpcf7-validates-as-required wpcf7-validates-as-date\" id=\"availability-date\" aria-required=\"true\" aria-invalid=\"false\" value=\"\" type=\"date\" name=\"availability-date\" \/><\/span>\n<\/p>\n<p><label for=\"cv-upload\">Upload CV *<\/label><br \/>\n<span class=\"wpcf7-form-control-wrap\" data-name=\"cv-upload\"><input size=\"40\" class=\"wpcf7-form-control wpcf7-file wpcf7-validates-as-required\" id=\"cv-upload\" accept=\".pdf,.doc,.docx\" aria-required=\"true\" aria-invalid=\"false\" type=\"file\" name=\"cv-upload\" \/><\/span>\n<\/p>\n<p><input class=\"wpcf7-form-control wpcf7-submit has-spinner\" type=\"submit\" value=\"Send\" \/>\n<\/p>\n<p><small>* champ obligatoire<\/small>\n<\/p><div class=\"wpcf7-response-output\" aria-hidden=\"true\"><\/div>\n<\/form>\n<\/div>\n<\/div>\n<\/div><\/div>\n<\/div>\n\n\n\n<div class=\"wp-block-column is-layout-flow wp-block-column-is-layout-flow\" style=\"flex-basis:20%\"><\/div>\n<\/div>\n","protected":false},"excerpt":{"rendered":"<p>Rejoindre Union Industrielle, c\u2019est faire le choix d\u2019une entreprise en forte croissance, leader sur son march\u00e9 et proposant de v\u00e9ritables parcours d\u2019\u00e9volution professionnelle.<\/p>\n","protected":false},"author":1,"featured_media":1250,"parent":0,"menu_order":0,"comment_status":"closed","ping_status":"closed","template":"tp-emploi.php","meta":{"_acf_changed":false,"inline_featured_image":false,"_themeisle_gutenberg_block_has_review":false,"footnotes":""},"class_list":["post-1029","page","type-page","status-publish","has-post-thumbnail","hentry"],"acf":[],"yoast_head":"<!-- This site is optimized with the Yoast SEO plugin v27.5 - https:\/\/yoast.com\/product\/yoast-seo-wordpress\/ -->\n<title>Join us - Union Industrielle<\/title>\n<meta name=\"robots\" content=\"index, follow, max-snippet:-1, max-image-preview:large, max-video-preview:-1\" \/>\n<link rel=\"canonical\" href=\"https:\/\/www.union-industrielle.fr\/en\/join-us\/\" \/>\n<meta property=\"og:locale\" content=\"en_US\" \/>\n<meta property=\"og:type\" content=\"article\" \/>\n<meta property=\"og:title\" content=\"Join us - Union Industrielle\" \/>\n<meta property=\"og:description\" content=\"Rejoindre Union Industrielle, c\u2019est faire le choix d\u2019une entreprise en forte croissance, leader sur son march\u00e9 et proposant de v\u00e9ritables parcours d\u2019\u00e9volution professionnelle.\" \/>\n<meta property=\"og:url\" content=\"https:\/\/www.union-industrielle.fr\/en\/join-us\/\" \/>\n<meta property=\"og:site_name\" content=\"Union Industrielle\" \/>\n<meta property=\"article:modified_time\" content=\"2024-01-03T16:18:40+00:00\" \/>\n<meta property=\"og:image\" content=\"https:\/\/www.union-industrielle.fr\/custom\/uploads\/2023\/12\/Poignee_de_main_blanc.png\" \/>\n\t<meta property=\"og:image:width\" content=\"147\" \/>\n\t<meta property=\"og:image:height\" content=\"94\" \/>\n\t<meta property=\"og:image:type\" content=\"image\/png\" \/>\n<meta name=\"twitter:card\" content=\"summary_large_image\" \/>\n<meta name=\"twitter:site\" content=\"@UIndustrielle\" \/>\n<script type=\"application\/ld+json\" class=\"yoast-schema-graph\">{\"@context\":\"https:\\\/\\\/schema.org\",\"@graph\":[{\"@type\":\"WebPage\",\"@id\":\"https:\\\/\\\/www.union-industrielle.fr\\\/en\\\/join-us\\\/\",\"url\":\"https:\\\/\\\/www.union-industrielle.fr\\\/en\\\/join-us\\\/\",\"name\":\"Join us - Union Industrielle\",\"isPartOf\":{\"@id\":\"https:\\\/\\\/www.union-industrielle.fr\\\/en\\\/#website\"},\"primaryImageOfPage\":{\"@id\":\"https:\\\/\\\/www.union-industrielle.fr\\\/en\\\/join-us\\\/#primaryimage\"},\"image\":{\"@id\":\"https:\\\/\\\/www.union-industrielle.fr\\\/en\\\/join-us\\\/#primaryimage\"},\"thumbnailUrl\":\"https:\\\/\\\/www.union-industrielle.fr\\\/custom\\\/uploads\\\/2023\\\/12\\\/Poignee_de_main_blanc.png\",\"datePublished\":\"2023-11-15T14:09:17+00:00\",\"dateModified\":\"2024-01-03T16:18:40+00:00\",\"breadcrumb\":{\"@id\":\"https:\\\/\\\/www.union-industrielle.fr\\\/en\\\/join-us\\\/#breadcrumb\"},\"inLanguage\":\"en-US\",\"potentialAction\":[{\"@type\":\"ReadAction\",\"target\":[\"https:\\\/\\\/www.union-industrielle.fr\\\/en\\\/join-us\\\/\"]}]},{\"@type\":\"ImageObject\",\"inLanguage\":\"en-US\",\"@id\":\"https:\\\/\\\/www.union-industrielle.fr\\\/en\\\/join-us\\\/#primaryimage\",\"url\":\"https:\\\/\\\/www.union-industrielle.fr\\\/custom\\\/uploads\\\/2023\\\/12\\\/Poignee_de_main_blanc.png\",\"contentUrl\":\"https:\\\/\\\/www.union-industrielle.fr\\\/custom\\\/uploads\\\/2023\\\/12\\\/Poignee_de_main_blanc.png\",\"width\":147,\"height\":94},{\"@type\":\"BreadcrumbList\",\"@id\":\"https:\\\/\\\/www.union-industrielle.fr\\\/en\\\/join-us\\\/#breadcrumb\",\"itemListElement\":[{\"@type\":\"ListItem\",\"position\":1,\"name\":\"Accueil\",\"item\":\"https:\\\/\\\/www.union-industrielle.fr\\\/en\\\/\"},{\"@type\":\"ListItem\",\"position\":2,\"name\":\"Join us\"}]},{\"@type\":\"WebSite\",\"@id\":\"https:\\\/\\\/www.union-industrielle.fr\\\/en\\\/#website\",\"url\":\"https:\\\/\\\/www.union-industrielle.fr\\\/en\\\/\",\"name\":\"Union Industrielle\",\"description\":\"COURTIER CONSEIL EN ASSURANCES\",\"publisher\":{\"@id\":\"https:\\\/\\\/www.union-industrielle.fr\\\/en\\\/#organization\"},\"potentialAction\":[{\"@type\":\"SearchAction\",\"target\":{\"@type\":\"EntryPoint\",\"urlTemplate\":\"https:\\\/\\\/www.union-industrielle.fr\\\/en\\\/?s={search_term_string}\"},\"query-input\":{\"@type\":\"PropertyValueSpecification\",\"valueRequired\":true,\"valueName\":\"search_term_string\"}}],\"inLanguage\":\"en-US\"},{\"@type\":\"Organization\",\"@id\":\"https:\\\/\\\/www.union-industrielle.fr\\\/en\\\/#organization\",\"name\":\"Union Industrielle\",\"url\":\"https:\\\/\\\/www.union-industrielle.fr\\\/en\\\/\",\"logo\":{\"@type\":\"ImageObject\",\"inLanguage\":\"en-US\",\"@id\":\"https:\\\/\\\/www.union-industrielle.fr\\\/en\\\/#\\\/schema\\\/logo\\\/image\\\/\",\"url\":\"https:\\\/\\\/www.union-industrielle.fr\\\/custom\\\/uploads\\\/2023\\\/12\\\/logo-color.png\",\"contentUrl\":\"https:\\\/\\\/www.union-industrielle.fr\\\/custom\\\/uploads\\\/2023\\\/12\\\/logo-color.png\",\"width\":667,\"height\":377,\"caption\":\"Union Industrielle\"},\"image\":{\"@id\":\"https:\\\/\\\/www.union-industrielle.fr\\\/en\\\/#\\\/schema\\\/logo\\\/image\\\/\"},\"sameAs\":[\"https:\\\/\\\/x.com\\\/UIndustrielle\",\"https:\\\/\\\/www.linkedin.com\\\/company\\\/union-industrielle\"]}]}<\/script>\n<!-- \/ Yoast SEO plugin. -->","yoast_head_json":{"title":"Join us - Union Industrielle","robots":{"index":"index","follow":"follow","max-snippet":"max-snippet:-1","max-image-preview":"max-image-preview:large","max-video-preview":"max-video-preview:-1"},"canonical":"https:\/\/www.union-industrielle.fr\/en\/join-us\/","og_locale":"en_US","og_type":"article","og_title":"Join us - Union Industrielle","og_description":"Rejoindre Union Industrielle, c\u2019est faire le choix d\u2019une entreprise en forte croissance, leader sur son march\u00e9 et proposant de v\u00e9ritables parcours d\u2019\u00e9volution professionnelle.","og_url":"https:\/\/www.union-industrielle.fr\/en\/join-us\/","og_site_name":"Union Industrielle","article_modified_time":"2024-01-03T16:18:40+00:00","og_image":[{"width":147,"height":94,"url":"https:\/\/www.union-industrielle.fr\/custom\/uploads\/2023\/12\/Poignee_de_main_blanc.png","type":"image\/png"}],"twitter_card":"summary_large_image","twitter_site":"@UIndustrielle","schema":{"@context":"https:\/\/schema.org","@graph":[{"@type":"WebPage","@id":"https:\/\/www.union-industrielle.fr\/en\/join-us\/","url":"https:\/\/www.union-industrielle.fr\/en\/join-us\/","name":"Join us - Union Industrielle","isPartOf":{"@id":"https:\/\/www.union-industrielle.fr\/en\/#website"},"primaryImageOfPage":{"@id":"https:\/\/www.union-industrielle.fr\/en\/join-us\/#primaryimage"},"image":{"@id":"https:\/\/www.union-industrielle.fr\/en\/join-us\/#primaryimage"},"thumbnailUrl":"https:\/\/www.union-industrielle.fr\/custom\/uploads\/2023\/12\/Poignee_de_main_blanc.png","datePublished":"2023-11-15T14:09:17+00:00","dateModified":"2024-01-03T16:18:40+00:00","breadcrumb":{"@id":"https:\/\/www.union-industrielle.fr\/en\/join-us\/#breadcrumb"},"inLanguage":"en-US","potentialAction":[{"@type":"ReadAction","target":["https:\/\/www.union-industrielle.fr\/en\/join-us\/"]}]},{"@type":"ImageObject","inLanguage":"en-US","@id":"https:\/\/www.union-industrielle.fr\/en\/join-us\/#primaryimage","url":"https:\/\/www.union-industrielle.fr\/custom\/uploads\/2023\/12\/Poignee_de_main_blanc.png","contentUrl":"https:\/\/www.union-industrielle.fr\/custom\/uploads\/2023\/12\/Poignee_de_main_blanc.png","width":147,"height":94},{"@type":"BreadcrumbList","@id":"https:\/\/www.union-industrielle.fr\/en\/join-us\/#breadcrumb","itemListElement":[{"@type":"ListItem","position":1,"name":"Accueil","item":"https:\/\/www.union-industrielle.fr\/en\/"},{"@type":"ListItem","position":2,"name":"Join us"}]},{"@type":"WebSite","@id":"https:\/\/www.union-industrielle.fr\/en\/#website","url":"https:\/\/www.union-industrielle.fr\/en\/","name":"Union Industrielle","description":"COURTIER CONSEIL EN ASSURANCES","publisher":{"@id":"https:\/\/www.union-industrielle.fr\/en\/#organization"},"potentialAction":[{"@type":"SearchAction","target":{"@type":"EntryPoint","urlTemplate":"https:\/\/www.union-industrielle.fr\/en\/?s={search_term_string}"},"query-input":{"@type":"PropertyValueSpecification","valueRequired":true,"valueName":"search_term_string"}}],"inLanguage":"en-US"},{"@type":"Organization","@id":"https:\/\/www.union-industrielle.fr\/en\/#organization","name":"Union Industrielle","url":"https:\/\/www.union-industrielle.fr\/en\/","logo":{"@type":"ImageObject","inLanguage":"en-US","@id":"https:\/\/www.union-industrielle.fr\/en\/#\/schema\/logo\/image\/","url":"https:\/\/www.union-industrielle.fr\/custom\/uploads\/2023\/12\/logo-color.png","contentUrl":"https:\/\/www.union-industrielle.fr\/custom\/uploads\/2023\/12\/logo-color.png","width":667,"height":377,"caption":"Union Industrielle"},"image":{"@id":"https:\/\/www.union-industrielle.fr\/en\/#\/schema\/logo\/image\/"},"sameAs":["https:\/\/x.com\/UIndustrielle","https:\/\/www.linkedin.com\/company\/union-industrielle"]}]}},"_links":{"self":[{"href":"https:\/\/www.union-industrielle.fr\/en\/wp-json\/wp\/v2\/pages\/1029","targetHints":{"allow":["GET"]}}],"collection":[{"href":"https:\/\/www.union-industrielle.fr\/en\/wp-json\/wp\/v2\/pages"}],"about":[{"href":"https:\/\/www.union-industrielle.fr\/en\/wp-json\/wp\/v2\/types\/page"}],"author":[{"embeddable":true,"href":"https:\/\/www.union-industrielle.fr\/en\/wp-json\/wp\/v2\/users\/1"}],"replies":[{"embeddable":true,"href":"https:\/\/www.union-industrielle.fr\/en\/wp-json\/wp\/v2\/comments?post=1029"}],"version-history":[{"count":23,"href":"https:\/\/www.union-industrielle.fr\/en\/wp-json\/wp\/v2\/pages\/1029\/revisions"}],"predecessor-version":[{"id":1334,"href":"https:\/\/www.union-industrielle.fr\/en\/wp-json\/wp\/v2\/pages\/1029\/revisions\/1334"}],"wp:featuredmedia":[{"embeddable":true,"href":"https:\/\/www.union-industrielle.fr\/en\/wp-json\/wp\/v2\/media\/1250"}],"wp:attachment":[{"href":"https:\/\/www.union-industrielle.fr\/en\/wp-json\/wp\/v2\/media?parent=1029"}],"curies":[{"name":"wp","href":"https:\/\/api.w.org\/{rel}","templated":true}]}}